{"id":7,"date":"2020-04-21T17:46:39","date_gmt":"2020-04-21T15:46:39","guid":{"rendered":"https:\/\/www.canariansurffruit.com\/?page_id=7"},"modified":"2020-07-04T13:41:51","modified_gmt":"2020-07-04T11:41:51","slug":"unsere-story","status":"publish","type":"page","link":"https:\/\/www.canariansurffruit.com\/es\/unsere-story\/","title":{"rendered":"La historia de Canarian Surf Fruit"},"content":{"rendered":"<div class=\"wp-block-columns is-layout-flex wp-container-core-columns-is-layout-9d6595d7 wp-block-columns-is-layout-flex\">\n<div class=\"wp-block-column is-layout-flow wp-block-column-is-layout-flow\" style=\"flex-basis:66.66%\">\n<figure class=\"wp-block-gallery alignwide columns-1 is-cropped wp-block-gallery-1 is-layout-flex wp-block-gallery-is-layout-flex\"><ul class=\"blocks-gallery-grid\"><li class=\"blocks-gallery-item\"><figure><img loading=\"lazy\" decoding=\"async\" width=\"1192\" height=\"894\" src=\"https:\/\/www.canariansurffruit.com\/wp-content\/uploads\/2020\/05\/Kamel-El-Medano-e1590334035134.jpg\" alt=\"Kamel El Medano\" data-id=\"775\" data-full-url=\"https:\/\/www.canariansurffruit.com\/wp-content\/uploads\/2020\/05\/Kamel-El-Medano-e1590334035134.jpg\" data-link=\"https:\/\/www.canariansurffruit.com\/unsere-story\/kamel-el-medano\/\" class=\"wp-image-775\" srcset=\"https:\/\/www.canariansurffruit.com\/wp-content\/uploads\/2020\/05\/Kamel-El-Medano-e1590334035134.jpg 1192w, https:\/\/www.canariansurffruit.com\/wp-content\/uploads\/2020\/05\/Kamel-El-Medano-e1590334035134-300x225.jpg 300w, https:\/\/www.canariansurffruit.com\/wp-content\/uploads\/2020\/05\/Kamel-El-Medano-e1590334035134-1024x768.jpg 1024w, https:\/\/www.canariansurffruit.com\/wp-content\/uploads\/2020\/05\/Kamel-El-Medano-e1590334035134-768x576.jpg 768w, https:\/\/www.canariansurffruit.com\/wp-content\/uploads\/2020\/05\/Kamel-El-Medano-e1590334035134-600x450.jpg 600w\" sizes=\"auto, (max-width: 1192px) 100vw, 1192px\" \/><figcaption class=\"blocks-gallery-item__caption\">Antes de los a\u00f1os 80 hab\u00edan camellos en El M\u00e9dano...<\/figcaption><\/figure><\/li><\/ul><\/figure>\n<\/div>\n\n\n\n<div class=\"wp-block-column is-layout-flow wp-block-column-is-layout-flow\" style=\"flex-basis:33.33%\">\n<figure class=\"wp-block-gallery alignwide columns-1 is-cropped wp-block-gallery-2 is-layout-flex wp-block-gallery-is-layout-flex\"><ul class=\"blocks-gallery-grid\"><li class=\"blocks-gallery-item\"><figure><img loading=\"lazy\" decoding=\"async\" width=\"720\" height=\"1024\" src=\"https:\/\/www.canariansurffruit.com\/wp-content\/uploads\/2020\/05\/Surfshop-Teneriffa-2.jpg\" alt=\"\" data-id=\"786\" data-full-url=\"https:\/\/www.canariansurffruit.com\/wp-content\/uploads\/2020\/05\/Surfshop-Teneriffa-2.jpg\" data-link=\"https:\/\/www.canariansurffruit.com\/unsere-story\/surfshop-teneriffa-2-2\/\" class=\"wp-image-786\" srcset=\"https:\/\/www.canariansurffruit.com\/wp-content\/uploads\/2020\/05\/Surfshop-Teneriffa-2.jpg 720w, https:\/\/www.canariansurffruit.com\/wp-content\/uploads\/2020\/05\/Surfshop-Teneriffa-2-211x300.jpg 211w, https:\/\/www.canariansurffruit.com\/wp-content\/uploads\/2020\/05\/Surfshop-Teneriffa-2-600x853.jpg 600w\" sizes=\"auto, (max-width: 720px) 100vw, 720px\" \/><figcaption class=\"blocks-gallery-item__caption translation-block\">...\u00a1y luego vino Stefan D.! Y con \u00e9l comienza la historia de nuestra tienda Canarian Surf Fruit.<\/figcaption><\/figure><\/li><\/ul><\/figure>\n<\/div>\n<\/div>\n\n\n\n<div style=\"height:32px\" aria-hidden=\"true\" class=\"wp-block-spacer\"><\/div>\n\n\n\n<div class=\"wp-block-columns is-layout-flex wp-container-core-columns-is-layout-9d6595d7 wp-block-columns-is-layout-flex\">\n<div class=\"wp-block-column is-layout-flow wp-block-column-is-layout-flow\" style=\"flex-basis:33.33%\">\n<figure class=\"wp-block-gallery alignwide columns-1 is-cropped wp-block-gallery-3 is-layout-flex wp-block-gallery-is-layout-flex\"><ul class=\"blocks-gallery-grid\"><li class=\"blocks-gallery-item\"><figure><img loading=\"lazy\" decoding=\"async\" width=\"1024\" height=\"768\" src=\"https:\/\/www.canariansurffruit.com\/wp-content\/uploads\/2020\/04\/csf-surfing-el-medano.jpg\" alt=\"Windsurfen\" data-id=\"402\" data-full-url=\"https:\/\/www.canariansurffruit.com\/wp-content\/uploads\/2020\/04\/csf-surfing-el-medano.jpg\" data-link=\"https:\/\/www.canariansurffruit.com\/unsere-story\/csf-surfing-el-medano\/\" class=\"wp-image-402\" srcset=\"https:\/\/www.canariansurffruit.com\/wp-content\/uploads\/2020\/04\/csf-surfing-el-medano.jpg 1024w, https:\/\/www.canariansurffruit.com\/wp-content\/uploads\/2020\/04\/csf-surfing-el-medano-300x225.jpg 300w, https:\/\/www.canariansurffruit.com\/wp-content\/uploads\/2020\/04\/csf-surfing-el-medano-768x576.jpg 768w, https:\/\/www.canariansurffruit.com\/wp-content\/uploads\/2020\/04\/csf-surfing-el-medano-600x450.jpg 600w\" sizes=\"auto, (max-width: 1024px) 100vw, 1024px\" \/><figcaption class=\"blocks-gallery-item__caption\">El primer cartel que se produjo<\/figcaption><\/figure><\/li><\/ul><\/figure>\n\n\n\n<p><\/p>\n<\/div>\n\n\n\n<div class=\"wp-block-column is-layout-flow wp-block-column-is-layout-flow\" style=\"flex-basis:66.66%\">\n<p>En 1983 Stefan Dietrich vino a Tenerife por primera vez con su equipo de surf y se hab\u00eda enterado de El M\u00e9dano a trav\u00e9s de una revista de surf. Quer\u00eda pasar un tiempo all\u00ed y dejarse llevar, explorando el mundo del surf en Tenerife y descubriendo las oportunidades de negocio. No ten\u00eda que preocuparse por el dinero, ya que ten\u00eda suficiente dinero disponible gracias a una herencia que hab\u00eda recibido.<\/p>\n\n\n\n<p>A principios de los a\u00f1os 80 el boom del surf en Alemania aument\u00f3 cada vez m\u00e1s. En Europa la industria del surf estaba ubicada en Alemania y Francia. Hawaii era el ombligo del mundo del surf. All\u00ed se probaban, desarrollaban y fotografiaban los materiales de surf... \u00a1all\u00ed se encontraban los mejores surfistas del mundo!<\/p>\n<\/div>\n<\/div>\n\n\n\n<p>Sin embargo, una agencia de viajes de Hamburgo hab\u00eda descubierto El M\u00e9dano. Ofrec\u00edan viajes de surf a Tenerife y comercializaban este peque\u00f1o pueblo de pescadores como un hotspot para el surf.<\/p>\n\n\n\n<p class=\"translation-block\">Dos estudiantes de dise\u00f1o de M\u00fanich, Steffen y Thomas, apasionados del windsurf, tambi\u00e9n oyeron hablar de El M\u00e9dano en ese momento. Adquirieron su experiencia con la industria del windsurf y la escena del windsurf en el Lago de Garda. Vinieron a Tenerife con la idea de construir una industria de windsurf en El M\u00e9dano. Dejaron todo en Alemania y vinieron con su Opel Kadett cargado hasta arriba a El M\u00e9dano. Las primeras ideas que ambos quer\u00edan realizar eran construir tablas de windsurf y crear una marca de moda. Ya hab\u00edan tra\u00eddo el nombre para la marca \"Canarian Surf\" con ellos desde Alemania. Pero a\u00fan no cre\u00edan que el nombre fuera perfecto, faltaba algo. Despu\u00e9s de un largo tiempo de brainstorming, la marca de moda \"Fruit of the Loom\" desencaden\u00f3 la asociaci\u00f3n de que pod\u00edan simplemente a\u00f1adir \"Fruit\" al final. Y eso sonar\u00eda mejor y as\u00ed se tender\u00eda un puente hacia la moda. El nombre naci\u00f3: <strong>Canarian Surf Fruit<\/strong>.<\/p>\n\n\n\n<div style=\"height:47px\" aria-hidden=\"true\" class=\"wp-block-spacer\"><\/div>\n\n\n\n<div class=\"wp-block-columns is-layout-flex wp-container-core-columns-is-layout-9d6595d7 wp-block-columns-is-layout-flex\">\n<div class=\"wp-block-column is-layout-flow wp-block-column-is-layout-flow\" style=\"flex-basis:33.33%\">\n<p>Como no hab\u00edan muchos surfistas en El M\u00e9dano de 20 a\u00f1os de edad en ese momento, los tres se conocieron y se hicieron amigos. Pasaban el tiempo juntos, filosofaban sobre sus ideas para hacer de Tenerife el Hawaii europeo, pasaban los d\u00edas en el agua y por las noches celebraban fiestas.<\/p>\n<\/div>\n\n\n\n<div class=\"wp-block-column is-layout-flow wp-block-column-is-layout-flow\" style=\"flex-basis:66.66%\">\n<figure class=\"wp-block-gallery columns-3 is-cropped wp-block-gallery-4 is-layout-flex wp-block-gallery-is-layout-flex\"><ul class=\"blocks-gallery-grid\"><li class=\"blocks-gallery-item\"><figure><img loading=\"lazy\" decoding=\"async\" width=\"991\" height=\"618\" src=\"https:\/\/www.canariansurffruit.com\/wp-content\/uploads\/2020\/04\/windsurfing-el-medano.jpg\" alt=\"Windsurfer El Medano 80er Jahre\" data-id=\"409\" data-full-url=\"https:\/\/www.canariansurffruit.com\/wp-content\/uploads\/2020\/04\/windsurfing-el-medano.jpg\" data-link=\"https:\/\/www.canariansurffruit.com\/unsere-story\/windsurfing-el-medano\/\" class=\"wp-image-409\" srcset=\"https:\/\/www.canariansurffruit.com\/wp-content\/uploads\/2020\/04\/windsurfing-el-medano.jpg 991w, https:\/\/www.canariansurffruit.com\/wp-content\/uploads\/2020\/04\/windsurfing-el-medano-300x187.jpg 300w, https:\/\/www.canariansurffruit.com\/wp-content\/uploads\/2020\/04\/windsurfing-el-medano-768x479.jpg 768w, https:\/\/www.canariansurffruit.com\/wp-content\/uploads\/2020\/04\/windsurfing-el-medano-600x374.jpg 600w\" sizes=\"auto, (max-width: 991px) 100vw, 991px\" \/><figcaption class=\"blocks-gallery-item__caption\">Haciendo windsurf sin el edificio \"Magallanes\"<\/figcaption><\/figure><\/li><li class=\"blocks-gallery-item\"><figure><img loading=\"lazy\" decoding=\"async\" width=\"1024\" height=\"768\" src=\"https:\/\/www.canariansurffruit.com\/wp-content\/uploads\/2020\/04\/high-wind-area-el-medano.jpg\" alt=\"Paragliding 80er Jahre\" data-id=\"405\" data-full-url=\"https:\/\/www.canariansurffruit.com\/wp-content\/uploads\/2020\/04\/high-wind-area-el-medano.jpg\" data-link=\"https:\/\/www.canariansurffruit.com\/unsere-story\/high-wind-area-el-medano\/\" class=\"wp-image-405\" srcset=\"https:\/\/www.canariansurffruit.com\/wp-content\/uploads\/2020\/04\/high-wind-area-el-medano.jpg 1024w, https:\/\/www.canariansurffruit.com\/wp-content\/uploads\/2020\/04\/high-wind-area-el-medano-300x225.jpg 300w, https:\/\/www.canariansurffruit.com\/wp-content\/uploads\/2020\/04\/high-wind-area-el-medano-768x576.jpg 768w, https:\/\/www.canariansurffruit.com\/wp-content\/uploads\/2020\/04\/high-wind-area-el-medano-600x450.jpg 600w\" sizes=\"auto, (max-width: 1024px) 100vw, 1024px\" \/><figcaption class=\"blocks-gallery-item__caption\">En aquel entonces, los surfistas tambi\u00e9n eran simplemente imprudentes<\/figcaption><\/figure><\/li><li class=\"blocks-gallery-item\"><figure><img loading=\"lazy\" decoding=\"async\" width=\"768\" height=\"1024\" src=\"https:\/\/www.canariansurffruit.com\/wp-content\/uploads\/2020\/04\/kitesurfen-teneriffa.jpg\" alt=\"Surfshop easy\" data-id=\"406\" data-full-url=\"https:\/\/www.canariansurffruit.com\/wp-content\/uploads\/2020\/04\/kitesurfen-teneriffa.jpg\" data-link=\"https:\/\/www.canariansurffruit.com\/unsere-story\/kitesurfen-teneriffa\/\" class=\"wp-image-406\" srcset=\"https:\/\/www.canariansurffruit.com\/wp-content\/uploads\/2020\/04\/kitesurfen-teneriffa.jpg 768w, https:\/\/www.canariansurffruit.com\/wp-content\/uploads\/2020\/04\/kitesurfen-teneriffa-225x300.jpg 225w, https:\/\/www.canariansurffruit.com\/wp-content\/uploads\/2020\/04\/kitesurfen-teneriffa-600x800.jpg 600w\" sizes=\"auto, (max-width: 768px) 100vw, 768px\" \/><figcaption class=\"blocks-gallery-item__caption\">Celebrando el carnaval...<\/figcaption><\/figure><\/li><\/ul><\/figure>\n<\/div>\n<\/div>\n\n\n\n<div style=\"height:41px\" aria-hidden=\"true\" class=\"wp-block-spacer\"><\/div>\n\n\n\n<p>Aunque cada vez m\u00e1s windsurfistas ven\u00edan a Tenerife, las ideas de los amigos no eran f\u00e1ciles de realizar. Traer el desarrollo de la industria del surf a El M\u00e9dano, probar material, descubrir errores... adem\u00e1s de desarrollar su propia marca fracas\u00f3. \u00a1Stefan D. lo intent\u00f3 de verdad! Vol\u00f3 a Alemania para conseguir material de prueba, pero no tuvo \u00e9xito. Tambi\u00e9n vol\u00f3 a Berl\u00edn para que le produjeran sus ideas y dise\u00f1os para su l\u00ednea de moda <strong>Canarian Surf Fruit<\/strong> Pero el primer intento de producci\u00f3n no fue aprobado, desafortunadamente tuvieron que usar los pantalones ellos mismos.<\/p>\n\n\n\n<div style=\"height:41px\" aria-hidden=\"true\" class=\"wp-block-spacer\"><\/div>\n\n\n\n<div class=\"wp-block-columns is-layout-flex wp-container-core-columns-is-layout-9d6595d7 wp-block-columns-is-layout-flex\">\n<div class=\"wp-block-column is-layout-flow wp-block-column-is-layout-flow\" style=\"flex-basis:33.33%\">\n<figure class=\"wp-block-gallery alignwide columns-1 is-cropped wp-block-gallery-5 is-layout-flex wp-block-gallery-is-layout-flex\"><ul class=\"blocks-gallery-grid\"><li class=\"blocks-gallery-item\"><figure><img loading=\"lazy\" decoding=\"async\" width=\"1024\" height=\"768\" src=\"https:\/\/www.canariansurffruit.com\/wp-content\/uploads\/2020\/05\/Surfboard.jpg\" alt=\"Logo Pacman auf Surfboard\" data-id=\"798\" data-full-url=\"https:\/\/www.canariansurffruit.com\/wp-content\/uploads\/2020\/05\/Surfboard.jpg\" data-link=\"https:\/\/www.canariansurffruit.com\/unsere-story\/surfboard\/\" class=\"wp-image-798\" srcset=\"https:\/\/www.canariansurffruit.com\/wp-content\/uploads\/2020\/05\/Surfboard.jpg 1024w, https:\/\/www.canariansurffruit.com\/wp-content\/uploads\/2020\/05\/Surfboard-300x225.jpg 300w, https:\/\/www.canariansurffruit.com\/wp-content\/uploads\/2020\/05\/Surfboard-768x576.jpg 768w, https:\/\/www.canariansurffruit.com\/wp-content\/uploads\/2020\/05\/Surfboard-600x450.jpg 600w\" sizes=\"auto, (max-width: 1024px) 100vw, 1024px\" \/><figcaption class=\"blocks-gallery-item__caption\">El primer logo de Canarian Surf Fruit: Pacman amarillo con labios rojos<\/figcaption><\/figure><\/li><\/ul><\/figure>\n<\/div>\n\n\n\n<div class=\"wp-block-column is-layout-flow wp-block-column-is-layout-flow\" style=\"flex-basis:66.66%\">\n<p>La pandilla de surfistas de El M\u00e9dano se hizo m\u00e1s grande con el tiempo. Uno de los amigos surfistas de Stefan D. era Gigi, originario de Santa Cruz, cuya familia ten\u00eda una segunda casa en El M\u00e9dano. Gigi viv\u00eda en lo que ahora es la tienda <strong>Canarian Surf Fruit<\/strong> y sus padres viv\u00edan en lo que ahora es el caf\u00e9\/restaurante Flashpoint. Gracias a Gigi los mencionados chicos surfistas pudieron construir y reparar sus tablas de surf en el patio de sus padres (detr\u00e1s del actual Flashpoint). Comenz\u00f3 muy lentamente. Los chicos hab\u00edan construido unas 10 tablas...<\/p>\n<\/div>\n<\/div>\n\n\n\n<div style=\"height:39px\" aria-hidden=\"true\" class=\"wp-block-spacer\"><\/div>\n\n\n\n<p>...y luego todo cambi\u00f3! El peque\u00f1o edificio donde viv\u00eda Gigi estaba a punto de ser vendido. Deb\u00eda abandonar El M\u00e9dano a petici\u00f3n de sus padres. Stefan D. reconoci\u00f3 esta oportunidad y compr\u00f3 la casita con su herencia.<\/p>\n\n\n\n<figure class=\"wp-block-gallery alignwide columns-1 is-cropped wp-block-gallery-6 is-layout-flex wp-block-gallery-is-layout-flex\"><ul class=\"blocks-gallery-grid\"><li class=\"blocks-gallery-item\"><figure><img loading=\"lazy\" decoding=\"async\" width=\"1024\" height=\"768\" src=\"https:\/\/www.canariansurffruit.com\/wp-content\/uploads\/2020\/04\/el-medano-windsurfen.jpg\" alt=\"Surfshop Team chillen\" data-id=\"404\" data-full-url=\"https:\/\/www.canariansurffruit.com\/wp-content\/uploads\/2020\/04\/el-medano-windsurfen.jpg\" data-link=\"https:\/\/www.canariansurffruit.com\/unsere-story\/el-medano-windsurfen\/\" class=\"wp-image-404\" srcset=\"https:\/\/www.canariansurffruit.com\/wp-content\/uploads\/2020\/04\/el-medano-windsurfen.jpg 1024w, https:\/\/www.canariansurffruit.com\/wp-content\/uploads\/2020\/04\/el-medano-windsurfen-300x225.jpg 300w, https:\/\/www.canariansurffruit.com\/wp-content\/uploads\/2020\/04\/el-medano-windsurfen-768x576.jpg 768w, https:\/\/www.canariansurffruit.com\/wp-content\/uploads\/2020\/04\/el-medano-windsurfen-600x450.jpg 600w\" sizes=\"auto, (max-width: 1024px) 100vw, 1024px\" \/><figcaption class=\"blocks-gallery-item__caption\">La terraza de la tienda era el punto de encuentro\u2026<\/figcaption><\/figure><\/li><\/ul><\/figure>\n\n\n\n<div style=\"height:32px\" aria-hidden=\"true\" class=\"wp-block-spacer\"><\/div>\n\n\n\n<p class=\"translation-block\">En la zona delantera el anterior propietario Gigi ya ten\u00eda una tienda de ropa, que Stefan convirti\u00f3 en una ferreter\u00eda de windsurf (velas de Gaastra, Neil Pryde, terminaci\u00f3n de cuerdas, power joints, etc...). Lo llam\u00f3 <strong>Canarian Surf Fruit<\/strong> Shop. Viv\u00eda en la parte de atr\u00e1s de la tienda.<\/p>\n\n\n\n<p>Sus dos amigos e inventores del nombre dejaron la isla casi al mismo tiempo por varias razones. A\u00fan hoy, m\u00e1s de 30 a\u00f1os despu\u00e9s, siguen conectados a El M\u00e9dano a trav\u00e9s del nombre.<\/p>\n\n\n\n<figure class=\"wp-block-gallery columns-3 is-cropped wp-block-gallery-7 is-layout-flex wp-block-gallery-is-layout-flex\"><ul class=\"blocks-gallery-grid\"><li class=\"blocks-gallery-item\"><figure><img loading=\"lazy\" decoding=\"async\" width=\"608\" height=\"1024\" src=\"https:\/\/www.canariansurffruit.com\/wp-content\/uploads\/2020\/04\/zeitung-rennen.jpg\" alt=\"Alter Zeitungsartikel Canarian Surf Fruit Regatta\" data-id=\"410\" data-full-url=\"https:\/\/www.canariansurffruit.com\/wp-content\/uploads\/2020\/04\/zeitung-rennen.jpg\" data-link=\"https:\/\/www.canariansurffruit.com\/unsere-story\/zeitung-rennen\/\" class=\"wp-image-410\" srcset=\"https:\/\/www.canariansurffruit.com\/wp-content\/uploads\/2020\/04\/zeitung-rennen.jpg 608w, https:\/\/www.canariansurffruit.com\/wp-content\/uploads\/2020\/04\/zeitung-rennen-178x300.jpg 178w, https:\/\/www.canariansurffruit.com\/wp-content\/uploads\/2020\/04\/zeitung-rennen-600x1011.jpg 600w\" sizes=\"auto, (max-width: 608px) 100vw, 608px\" \/><figcaption class=\"blocks-gallery-item__caption\">Stefan organiz\u00f3 su propia regata bajo el nombre de Canarian Surf Fruit.<\/figcaption><\/figure><\/li><li class=\"blocks-gallery-item\"><figure><img loading=\"lazy\" decoding=\"async\" width=\"1024\" height=\"768\" src=\"https:\/\/www.canariansurffruit.com\/wp-content\/uploads\/2020\/04\/windsurfen-el-medano.jpg\" alt=\"Surfshop 80er Jahre Canarian Surf Fruit\" data-id=\"408\" data-full-url=\"https:\/\/www.canariansurffruit.com\/wp-content\/uploads\/2020\/04\/windsurfen-el-medano.jpg\" data-link=\"https:\/\/www.canariansurffruit.com\/unsere-story\/windsurfen-el-medano\/\" class=\"wp-image-408\" srcset=\"https:\/\/www.canariansurffruit.com\/wp-content\/uploads\/2020\/04\/windsurfen-el-medano.jpg 1024w, https:\/\/www.canariansurffruit.com\/wp-content\/uploads\/2020\/04\/windsurfen-el-medano-300x225.jpg 300w, https:\/\/www.canariansurffruit.com\/wp-content\/uploads\/2020\/04\/windsurfen-el-medano-768x576.jpg 768w, https:\/\/www.canariansurffruit.com\/wp-content\/uploads\/2020\/04\/windsurfen-el-medano-600x450.jpg 600w\" sizes=\"auto, (max-width: 1024px) 100vw, 1024px\" \/><figcaption class=\"blocks-gallery-item__caption\">Gaastra... su gran amor<\/figcaption><\/figure><\/li><li class=\"blocks-gallery-item\"><figure><img loading=\"lazy\" decoding=\"async\" width=\"768\" height=\"1024\" src=\"https:\/\/www.canariansurffruit.com\/wp-content\/uploads\/2020\/04\/el-medano-kitesurfen.jpg\" alt=\"Verleih Surfzubeh\u00f6r\" data-id=\"403\" data-full-url=\"https:\/\/www.canariansurffruit.com\/wp-content\/uploads\/2020\/04\/el-medano-kitesurfen.jpg\" data-link=\"https:\/\/www.canariansurffruit.com\/unsere-story\/el-medano-kitesurfen\/\" class=\"wp-image-403\" srcset=\"https:\/\/www.canariansurffruit.com\/wp-content\/uploads\/2020\/04\/el-medano-kitesurfen.jpg 768w, https:\/\/www.canariansurffruit.com\/wp-content\/uploads\/2020\/04\/el-medano-kitesurfen-225x300.jpg 225w, https:\/\/www.canariansurffruit.com\/wp-content\/uploads\/2020\/04\/el-medano-kitesurfen-600x800.jpg 600w\" sizes=\"auto, (max-width: 768px) 100vw, 768px\" \/><figcaption class=\"blocks-gallery-item__caption\">Los primeros d\u00edas...<\/figcaption><\/figure><\/li><\/ul><\/figure>\n\n\n\n<div style=\"height:33px\" aria-hidden=\"true\" class=\"wp-block-spacer\"><\/div>\n\n\n\n<p class=\"translation-block\">As\u00ed que <strong>Canarian Surf Fruit<\/strong>  fue la primera tienda de surf directamente en la playa de El M\u00e9dano a mediados de los 80.<\/p>\n\n\n\n<p class=\"translation-block\">Tiempo despu\u00e9s Stefan D. tambi\u00e9n compr\u00f3 la gran casa de al lado que pertenec\u00eda a los padres de Gigi. Abri\u00f3 un bar all\u00ed con amigos y lo llam\u00f3 <strong>Canarian Surf Fruit<\/strong> Bar, el Flashpoint de hoy en d\u00eda.<\/p>\n\n\n\n<figure class=\"wp-block-image alignwide size-full\"><img loading=\"lazy\" decoding=\"async\" width=\"1920\" height=\"1080\" src=\"https:\/\/www.canariansurffruit.com\/wp-content\/uploads\/2020\/05\/fru\u0308her_heute-FINAL-1.gif\" alt=\"Canarian Surf Fruit Shop in den 80er Jahren\" class=\"wp-image-550\"\/><\/figure>\n\n\n\n<div style=\"height:38px\" aria-hidden=\"true\" class=\"wp-block-spacer\"><\/div>\n\n\n\n<div class=\"wp-block-columns is-layout-flex wp-container-core-columns-is-layout-9d6595d7 wp-block-columns-is-layout-flex\">\n<div class=\"wp-block-column is-layout-flow wp-block-column-is-layout-flow\" style=\"flex-basis:66.66%\">\n<p class=\"translation-block\">En 1988 J\u00fcrgen Tillmann lleg\u00f3 a El M\u00e9dano con su esposa Susanne. Hab\u00eda planeado un a\u00f1o de descanso. Siempre llevaba su m\u00e1quina de coser de viaje con \u00e9l y quer\u00eda reparar velas en el lugar para mejorar sus ingresos vacacionales. En el pasado siempre hab\u00eda financiado sus vacaciones de esta manera. Pero como todo en la vida, tambi\u00e9n para \u00e9l algunas cosas cambiaron. A principios de julio de 1988, J\u00fcrgen abri\u00f3 una tienda oficial de fabricaci\u00f3n de velas en la parte trasera de la actual tienda de <strong>Canarian Surf Fruit<\/strong>. Repar\u00f3 y produjo velas a medida durante varios a\u00f1os. En la parte delantera estaba la tienda de <strong>Canarian Surf Fruit<\/strong> de Stefan, que hab\u00eda subcontratado, y en la parte trasera la f\u00e1brica y tienda de velas con una entrada separada. Esta combinaci\u00f3n funcion\u00f3 muy bien durante unos a\u00f1os.<\/p>\n<\/div>\n\n\n\n<div class=\"wp-block-column is-layout-flow wp-block-column-is-layout-flow\" style=\"flex-basis:33.33%\">\n<figure class=\"wp-block-gallery columns-1 is-cropped wp-block-gallery-8 is-layout-flex wp-block-gallery-is-layout-flex\"><ul class=\"blocks-gallery-grid\"><li class=\"blocks-gallery-item\"><figure><img loading=\"lazy\" decoding=\"async\" width=\"765\" height=\"609\" src=\"https:\/\/www.canariansurffruit.com\/wp-content\/uploads\/2020\/05\/Segel-1-e1590401925771.jpg\" alt=\"Custom made Segel\" data-id=\"802\" data-full-url=\"https:\/\/www.canariansurffruit.com\/wp-content\/uploads\/2020\/05\/Segel-1-e1590401925771.jpg\" data-link=\"https:\/\/www.canariansurffruit.com\/unsere-story\/segel-1\/\" class=\"wp-image-802\" srcset=\"https:\/\/www.canariansurffruit.com\/wp-content\/uploads\/2020\/05\/Segel-1-e1590401925771.jpg 765w, https:\/\/www.canariansurffruit.com\/wp-content\/uploads\/2020\/05\/Segel-1-e1590401925771-300x239.jpg 300w, https:\/\/www.canariansurffruit.com\/wp-content\/uploads\/2020\/05\/Segel-1-e1590401925771-600x478.jpg 600w\" sizes=\"auto, (max-width: 765px) 100vw, 765px\" \/><figcaption class=\"blocks-gallery-item__caption\">Una vela hecha a medida por J\u00fcrgen<\/figcaption><\/figure><\/li><\/ul><\/figure>\n<\/div>\n<\/div>\n\n\n\n<div style=\"height:32px\" aria-hidden=\"true\" class=\"wp-block-spacer\"><\/div>\n\n\n\n<p class=\"translation-block\">El \u00faltimo gran cambio tuvo lugar a finales de 1992. J\u00fcrgen se hizo cargo de la tienda <strong>Canarian Surf Fruit<\/strong>. Con el tiempo, el negocio de la fabricaci\u00f3n de velas se abandon\u00f3 y luego se cerr\u00f3 por completo. El edificio fue sometido a una gran renovaci\u00f3n y naci\u00f3 <strong>Canarian Surf Fruit<\/strong> tal como lo conocemos hoy en d\u00eda.<\/p>\n\n\n\n<figure class=\"wp-block-gallery columns-1 is-cropped wp-block-gallery-9 is-layout-flex wp-block-gallery-is-layout-flex\"><ul class=\"blocks-gallery-grid\"><li class=\"blocks-gallery-item\"><figure><img loading=\"lazy\" decoding=\"async\" width=\"1024\" height=\"569\" src=\"https:\/\/www.canariansurffruit.com\/wp-content\/uploads\/2020\/04\/surfshop-el-medano-1024x569.jpg\" alt=\"Surfshop Verleih Schule\" data-id=\"399\" data-full-url=\"https:\/\/www.canariansurffruit.com\/wp-content\/uploads\/2020\/04\/surfshop-el-medano.jpg\" data-link=\"https:\/\/www.canariansurffruit.com\/unsere-story\/surfshop-el-medano\/\" class=\"wp-image-399\" srcset=\"https:\/\/www.canariansurffruit.com\/wp-content\/uploads\/2020\/04\/surfshop-el-medano-1024x569.jpg 1024w, https:\/\/www.canariansurffruit.com\/wp-content\/uploads\/2020\/04\/surfshop-el-medano-300x167.jpg 300w, https:\/\/www.canariansurffruit.com\/wp-content\/uploads\/2020\/04\/surfshop-el-medano-768x427.jpg 768w, https:\/\/www.canariansurffruit.com\/wp-content\/uploads\/2020\/04\/surfshop-el-medano-1536x853.jpg 1536w, https:\/\/www.canariansurffruit.com\/wp-content\/uploads\/2020\/04\/surfshop-el-medano-600x333.jpg 600w, https:\/\/www.canariansurffruit.com\/wp-content\/uploads\/2020\/04\/surfshop-el-medano.jpg 1800w\" sizes=\"auto, (max-width: 1024px) 100vw, 1024px\" \/><figcaption class=\"blocks-gallery-item__caption\"><strong>Canarian Surf Fruit <\/strong>2020<\/figcaption><\/figure><\/li><\/ul><\/figure>","protected":false},"excerpt":{"rendered":"<p>1983 ist Stefan Dietrich mit seinem Surfmaterial zum erstenmal nach Teneriffa gekommen, durch eine Surfzeitung auf El Medano aufmerksam geworden. Er wollte dort einige Zeit verbringen und sich treiben lassen. Die Surferwelt auf Teneriffa erkunden und Gesch\u00e4ftsm\u00f6glichkeiten entdecken. Um Geld musste er sich keine Sorgen machen, da er mit einem Erbe im Background genug Geld [&hellip;]<\/p>","protected":false},"author":1,"featured_media":0,"parent":0,"menu_order":0,"comment_status":"closed","ping_status":"closed","template":"","meta":{"footnotes":""},"class_list":["post-7","page","type-page","status-publish","hentry"],"yoast_head":"<!-- This site is optimized with the Yoast SEO plugin v26.8 - https:\/\/yoast.com\/product\/yoast-seo-wordpress\/ -->\n<title>Die Geschichte von Canarian Surf Fruit - Canarian Surf Fruit<\/title>\n<meta name=\"robots\" content=\"index, follow, max-snippet:-1, max-image-preview:large, max-video-preview:-1\" \/>\n<link rel=\"canonical\" href=\"https:\/\/www.canariansurffruit.com\/es\/unsere-story\/\" \/>\n<meta property=\"og:locale\" content=\"es_ES\" \/>\n<meta property=\"og:type\" content=\"article\" \/>\n<meta property=\"og:title\" content=\"Die Geschichte von Canarian Surf Fruit - Canarian Surf Fruit\" \/>\n<meta property=\"og:description\" content=\"1983 ist Stefan Dietrich mit seinem Surfmaterial zum erstenmal nach Teneriffa gekommen, durch eine Surfzeitung auf El Medano aufmerksam geworden. Er wollte dort einige Zeit verbringen und sich treiben lassen. Die Surferwelt auf Teneriffa erkunden und Gesch\u00e4ftsm\u00f6glichkeiten entdecken. Um Geld musste er sich keine Sorgen machen, da er mit einem Erbe im Background genug Geld [&hellip;]\" \/>\n<meta property=\"og:url\" content=\"https:\/\/www.canariansurffruit.com\/es\/unsere-story\/\" \/>\n<meta property=\"og:site_name\" content=\"Canarian Surf Fruit\" \/>\n<meta property=\"article:modified_time\" content=\"2020-07-04T11:41:51+00:00\" \/>\n<meta property=\"og:image\" content=\"https:\/\/www.canariansurffruit.com\/wp-content\/uploads\/2020\/05\/Kamel-El-Medano-e1590334035134.jpg\" \/>\n<meta name=\"twitter:card\" content=\"summary_large_image\" \/>\n<meta name=\"twitter:label1\" content=\"Tiempo de lectura\" \/>\n\t<meta name=\"twitter:data1\" content=\"5 minutos\" \/>\n<script type=\"application\/ld+json\" class=\"yoast-schema-graph\">{\"@context\":\"https:\/\/schema.org\",\"@graph\":[{\"@type\":\"WebPage\",\"@id\":\"https:\/\/www.canariansurffruit.com\/unsere-story\/\",\"url\":\"https:\/\/www.canariansurffruit.com\/unsere-story\/\",\"name\":\"Die Geschichte von Canarian Surf Fruit - Canarian Surf Fruit\",\"isPartOf\":{\"@id\":\"https:\/\/www.canariansurffruit.com\/#website\"},\"primaryImageOfPage\":{\"@id\":\"https:\/\/www.canariansurffruit.com\/unsere-story\/#primaryimage\"},\"image\":{\"@id\":\"https:\/\/www.canariansurffruit.com\/unsere-story\/#primaryimage\"},\"thumbnailUrl\":\"https:\/\/www.canariansurffruit.com\/wp-content\/uploads\/2020\/05\/Kamel-El-Medano-e1590334035134.jpg\",\"datePublished\":\"2020-04-21T15:46:39+00:00\",\"dateModified\":\"2020-07-04T11:41:51+00:00\",\"breadcrumb\":{\"@id\":\"https:\/\/www.canariansurffruit.com\/unsere-story\/#breadcrumb\"},\"inLanguage\":\"es\",\"potentialAction\":[{\"@type\":\"ReadAction\",\"target\":[\"https:\/\/www.canariansurffruit.com\/unsere-story\/\"]}]},{\"@type\":\"ImageObject\",\"inLanguage\":\"es\",\"@id\":\"https:\/\/www.canariansurffruit.com\/unsere-story\/#primaryimage\",\"url\":\"https:\/\/www.canariansurffruit.com\/wp-content\/uploads\/2020\/05\/Kamel-El-Medano-e1590334035134.jpg\",\"contentUrl\":\"https:\/\/www.canariansurffruit.com\/wp-content\/uploads\/2020\/05\/Kamel-El-Medano-e1590334035134.jpg\"},{\"@type\":\"BreadcrumbList\",\"@id\":\"https:\/\/www.canariansurffruit.com\/unsere-story\/#breadcrumb\",\"itemListElement\":[{\"@type\":\"ListItem\",\"position\":1,\"name\":\"Startseite\",\"item\":\"https:\/\/www.canariansurffruit.com\/\"},{\"@type\":\"ListItem\",\"position\":2,\"name\":\"Die Geschichte von Canarian Surf Fruit\"}]},{\"@type\":\"WebSite\",\"@id\":\"https:\/\/www.canariansurffruit.com\/#website\",\"url\":\"https:\/\/www.canariansurffruit.com\/\",\"name\":\"Canarian Surf Fruit\",\"description\":\"Der Surf und Lifestyle Laden direkt am Beach von El Medano\",\"publisher\":{\"@id\":\"https:\/\/www.canariansurffruit.com\/#organization\"},\"potentialAction\":[{\"@type\":\"SearchAction\",\"target\":{\"@type\":\"EntryPoint\",\"urlTemplate\":\"https:\/\/www.canariansurffruit.com\/?s={search_term_string}\"},\"query-input\":{\"@type\":\"PropertyValueSpecification\",\"valueRequired\":true,\"valueName\":\"search_term_string\"}}],\"inLanguage\":\"es\"},{\"@type\":\"Organization\",\"@id\":\"https:\/\/www.canariansurffruit.com\/#organization\",\"name\":\"Canarian Surf Fruit\",\"url\":\"https:\/\/www.canariansurffruit.com\/\",\"logo\":{\"@type\":\"ImageObject\",\"inLanguage\":\"es\",\"@id\":\"https:\/\/www.canariansurffruit.com\/#\/schema\/logo\/image\/\",\"url\":\"https:\/\/www.canariansurffruit.com\/wp-content\/uploads\/2020\/06\/Header-Logo4.jpg\",\"contentUrl\":\"https:\/\/www.canariansurffruit.com\/wp-content\/uploads\/2020\/06\/Header-Logo4.jpg\",\"width\":220,\"height\":70,\"caption\":\"Canarian Surf Fruit\"},\"image\":{\"@id\":\"https:\/\/www.canariansurffruit.com\/#\/schema\/logo\/image\/\"}}]}<\/script>\n<!-- \/ Yoast SEO plugin. -->","yoast_head_json":{"title":"Die Geschichte von Canarian Surf Fruit - Canarian Surf Fruit","robots":{"index":"index","follow":"follow","max-snippet":"max-snippet:-1","max-image-preview":"max-image-preview:large","max-video-preview":"max-video-preview:-1"},"canonical":"https:\/\/www.canariansurffruit.com\/es\/unsere-story\/","og_locale":"es_ES","og_type":"article","og_title":"Die Geschichte von Canarian Surf Fruit - Canarian Surf Fruit","og_description":"1983 ist Stefan Dietrich mit seinem Surfmaterial zum erstenmal nach Teneriffa gekommen, durch eine Surfzeitung auf El Medano aufmerksam geworden. Er wollte dort einige Zeit verbringen und sich treiben lassen. Die Surferwelt auf Teneriffa erkunden und Gesch\u00e4ftsm\u00f6glichkeiten entdecken. Um Geld musste er sich keine Sorgen machen, da er mit einem Erbe im Background genug Geld [&hellip;]","og_url":"https:\/\/www.canariansurffruit.com\/es\/unsere-story\/","og_site_name":"Canarian Surf Fruit","article_modified_time":"2020-07-04T11:41:51+00:00","og_image":[{"url":"https:\/\/www.canariansurffruit.com\/wp-content\/uploads\/2020\/05\/Kamel-El-Medano-e1590334035134.jpg","type":"","width":"","height":""}],"twitter_card":"summary_large_image","twitter_misc":{"Tiempo de lectura":"5 minutos"},"schema":{"@context":"https:\/\/schema.org","@graph":[{"@type":"WebPage","@id":"https:\/\/www.canariansurffruit.com\/unsere-story\/","url":"https:\/\/www.canariansurffruit.com\/unsere-story\/","name":"Die Geschichte von Canarian Surf Fruit - Canarian Surf Fruit","isPartOf":{"@id":"https:\/\/www.canariansurffruit.com\/#website"},"primaryImageOfPage":{"@id":"https:\/\/www.canariansurffruit.com\/unsere-story\/#primaryimage"},"image":{"@id":"https:\/\/www.canariansurffruit.com\/unsere-story\/#primaryimage"},"thumbnailUrl":"https:\/\/www.canariansurffruit.com\/wp-content\/uploads\/2020\/05\/Kamel-El-Medano-e1590334035134.jpg","datePublished":"2020-04-21T15:46:39+00:00","dateModified":"2020-07-04T11:41:51+00:00","breadcrumb":{"@id":"https:\/\/www.canariansurffruit.com\/unsere-story\/#breadcrumb"},"inLanguage":"es","potentialAction":[{"@type":"ReadAction","target":["https:\/\/www.canariansurffruit.com\/unsere-story\/"]}]},{"@type":"ImageObject","inLanguage":"es","@id":"https:\/\/www.canariansurffruit.com\/unsere-story\/#primaryimage","url":"https:\/\/www.canariansurffruit.com\/wp-content\/uploads\/2020\/05\/Kamel-El-Medano-e1590334035134.jpg","contentUrl":"https:\/\/www.canariansurffruit.com\/wp-content\/uploads\/2020\/05\/Kamel-El-Medano-e1590334035134.jpg"},{"@type":"BreadcrumbList","@id":"https:\/\/www.canariansurffruit.com\/unsere-story\/#breadcrumb","itemListElement":[{"@type":"ListItem","position":1,"name":"Startseite","item":"https:\/\/www.canariansurffruit.com\/"},{"@type":"ListItem","position":2,"name":"Die Geschichte von Canarian Surf Fruit"}]},{"@type":"WebSite","@id":"https:\/\/www.canariansurffruit.com\/#website","url":"https:\/\/www.canariansurffruit.com\/","name":"Canarian Surf Fruit","description":"Der Surf und Lifestyle Laden direkt am Beach von El Medano","publisher":{"@id":"https:\/\/www.canariansurffruit.com\/#organization"},"potentialAction":[{"@type":"SearchAction","target":{"@type":"EntryPoint","urlTemplate":"https:\/\/www.canariansurffruit.com\/?s={search_term_string}"},"query-input":{"@type":"PropertyValueSpecification","valueRequired":true,"valueName":"search_term_string"}}],"inLanguage":"es"},{"@type":"Organization","@id":"https:\/\/www.canariansurffruit.com\/#organization","name":"Canarian Surf Fruit","url":"https:\/\/www.canariansurffruit.com\/","logo":{"@type":"ImageObject","inLanguage":"es","@id":"https:\/\/www.canariansurffruit.com\/#\/schema\/logo\/image\/","url":"https:\/\/www.canariansurffruit.com\/wp-content\/uploads\/2020\/06\/Header-Logo4.jpg","contentUrl":"https:\/\/www.canariansurffruit.com\/wp-content\/uploads\/2020\/06\/Header-Logo4.jpg","width":220,"height":70,"caption":"Canarian Surf Fruit"},"image":{"@id":"https:\/\/www.canariansurffruit.com\/#\/schema\/logo\/image\/"}}]}},"_links":{"self":[{"href":"https:\/\/www.canariansurffruit.com\/es\/wp-json\/wp\/v2\/pages\/7","targetHints":{"allow":["GET"]}}],"collection":[{"href":"https:\/\/www.canariansurffruit.com\/es\/wp-json\/wp\/v2\/pages"}],"about":[{"href":"https:\/\/www.canariansurffruit.com\/es\/wp-json\/wp\/v2\/types\/page"}],"author":[{"embeddable":true,"href":"https:\/\/www.canariansurffruit.com\/es\/wp-json\/wp\/v2\/users\/1"}],"replies":[{"embeddable":true,"href":"https:\/\/www.canariansurffruit.com\/es\/wp-json\/wp\/v2\/comments?post=7"}],"version-history":[{"count":51,"href":"https:\/\/www.canariansurffruit.com\/es\/wp-json\/wp\/v2\/pages\/7\/revisions"}],"predecessor-version":[{"id":898,"href":"https:\/\/www.canariansurffruit.com\/es\/wp-json\/wp\/v2\/pages\/7\/revisions\/898"}],"wp:attachment":[{"href":"https:\/\/www.canariansurffruit.com\/es\/wp-json\/wp\/v2\/media?parent=7"}],"curies":[{"name":"wp","href":"https:\/\/api.w.org\/{rel}","templated":true}]}}